{"id":3762,"date":"2026-06-07T19:53:42","date_gmt":"2026-06-07T16:53:42","guid":{"rendered":"https:\/\/www.omaep.com\/?page_id=3762"},"modified":"2026-06-08T02:46:30","modified_gmt":"2026-06-07T23:46:30","slug":"omaep-sebastian-franco-llanos-prenatal-pedagogy","status":"publish","type":"page","link":"https:\/\/www.omaep.com\/fr\/omaep-sebastian-franco-llanos-prenatal-pedagogy\/","title":{"rendered":"L\u2019OMAEP c\u00e9l\u00e8bre l\u2019apport \u00e9pist\u00e9mologique de Sebasti\u00e1n Franco Llanos \u00e0 la P\u00e9dagogie pr\u00e9natale"},"content":{"rendered":"<div class=\"wp-block-image\">\n<figure class=\"aligncenter size-medium\"><img fetchpriority=\"high\" decoding=\"async\" width=\"200\" height=\"300\" src=\"https:\/\/www.omaep.com\/wp-content\/uploads\/2026\/06\/sebastianfrancollanos-200x300.jpeg\" alt=\"\" class=\"wp-image-3766\" srcset=\"https:\/\/www.omaep.com\/wp-content\/uploads\/2026\/06\/sebastianfrancollanos-200x300.jpeg 200w, https:\/\/www.omaep.com\/wp-content\/uploads\/2026\/06\/sebastianfrancollanos-683x1024.jpeg 683w, https:\/\/www.omaep.com\/wp-content\/uploads\/2026\/06\/sebastianfrancollanos-768x1152.jpeg 768w, https:\/\/www.omaep.com\/wp-content\/uploads\/2026\/06\/sebastianfrancollanos-1024x1536.jpeg 1024w, https:\/\/www.omaep.com\/wp-content\/uploads\/2026\/06\/sebastianfrancollanos-1365x2048.jpeg 1365w, https:\/\/www.omaep.com\/wp-content\/uploads\/2026\/06\/sebastianfrancollanos-8x12.jpeg 8w\" sizes=\"(max-width: 200px) 100vw, 200px\" \/><\/figure>\n<\/div>\n\n\n<div style=\"height:21px\" aria-hidden=\"true\" class=\"wp-block-spacer\"><\/div>\n\n\n\n<p class=\"has-text-color has-link-color wp-elements-1 wp-block-paragraph\" style=\"color:#1f4e79;font-size:24px\">L\u2019Organisation Mondiale des Associations pour l\u2019\u00c9ducation Pr\u00e9natale  OMAEP  exprime ses f\u00e9licitations \u00e0 Sebasti\u00e1n Franco Llanos, chercheur, membre de l\u2019ANEP Espagne et de l\u2019OMAEP, pour la soutenance de sa th\u00e8se doctorale intitul\u00e9e Vers une \u00e9pist\u00e9mologie de la P\u00e9dagogie pr\u00e9natale, r\u00e9alis\u00e9e \u00e0 l\u2019Universit\u00e9 Autonome de Madrid en mars 2026.<\/p>\n\n\n\n<p class=\"has-text-color has-link-color wp-elements-2 wp-block-paragraph\" style=\"color:#1f4e79;font-size:24px\">Cette recherche a obtenu la mention <strong>Cum Laude<\/strong> et a \u00e9t\u00e9 propos\u00e9e pour concourir au Prix <strong>Extraordinaire de Doctorat 2026<\/strong> en Espagne, distinction qui met en valeur la qualit\u00e9 acad\u00e9mique, l\u2019originalit\u00e9 et la pertinence scientifique de cet apport.<\/p>\n\n\n\n<p class=\"has-text-color has-link-color wp-elements-3 wp-block-paragraph\" style=\"color:#1f4e79;font-size:24px\">Pour l\u2019OMAEP et l\u2019ANEP Espagne, cette r\u00e9ussite repr\u00e9sente une joie particuli\u00e8re, car elle reconna\u00eet le travail d\u2019un jeune chercheur qui fait partie de cette communaut\u00e9 internationale consacr\u00e9e \u00e0 l\u2019\u00e9ducation pr\u00e9natale. Sa contribution aide \u00e0 renforcer les bases p\u00e9dagogiques, scientifiques et communicatives d\u2019un domaine orient\u00e9 vers le soin du commencement de la vie.<\/p>\n\n\n\n<p class=\"has-text-color has-link-color wp-elements-4 wp-block-paragraph\" style=\"color:#1f4e79;font-size:24px\">L\u2019Universit\u00e9 Autonome de Madrid a r\u00e9cemment diffus\u00e9 cet apport \u00e0 travers une note de culture scientifique intitul\u00e9e<a href=\"https:\/\/www.uam.es\/uam\/investigacion\/cultura-cientifica\/noticias\/pedagogia-prenatal\" data-type=\"link\" data-id=\"https:\/\/www.uam.es\/uam\/investigacion\/cultura-cientifica\/noticias\/pedagogia-prenatal\">\u00ab La P\u00e9dagogie pr\u00e9natale d\u00e9finie comme une nouvelle branche p\u00e9dagogique centr\u00e9e sur le d\u00e9but de la vie \u00bb.<\/a>Cette publication souligne que des chercheurs de l\u2019UAM et de l\u2019UNIR proposent de situer l\u2019\u00e9ducation dans l\u2019\u00e9tape pr\u00e9natale, au-del\u00e0 de son approche sanitaire traditionnelle. Selon cette publication, ce nouveau cadre p\u00e9dagogique peut contribuer \u00e0 am\u00e9liorer les programmes pr\u00e9natals, orienter les politiques publiques et renouveler la formation des familles et des enseignants.<\/p>\n\n\n\n<p class=\"has-text-color has-link-color wp-elements-5 wp-block-paragraph\" style=\"color:#1f4e79;font-size:24px\">De m\u00eame, en Colombie, l\u2019Universit\u00e9 del Valle, \u00e0 travers l\u2019\u00c9cole d\u2019\u00c9tudes Litt\u00e9raires, a r\u00e9cemment publi\u00e9 un <a href=\"https:\/\/www.instagram.com\/p\/DYA3sdFDlgj\/?utm_source=ig_web_copy_link&amp;igsh=MzRlODBiNWFlZA%3D%3D\" data-type=\"link\" data-id=\"https:\/\/www.instagram.com\/p\/DYA3sdFDlgj\/?utm_source=ig_web_copy_link&amp;igsh=MzRlODBiNWFlZA%3D%3D\">message de reconnaissance<\/a> de son parcours et de son apport \u00e0 la recherche, soulignant la projection acad\u00e9mique d\u2019un ancien \u00e9tudiant dont le travail articule \u00e9ducation, recherche et engagement social.<\/p>\n\n\n\n<p class=\"has-text-color has-link-color wp-elements-6 wp-block-paragraph\" style=\"color:#1f4e79;font-size:24px\">La th\u00e8se propose de comprendre la P\u00e9dagogie pr\u00e9natale comme une nouvelle branche p\u00e9dagogique centr\u00e9e sur l\u2019\u00e9tape pr\u00e9natale. Cette perspective ne remplace pas le chemin parcouru par l\u2019\u00e9ducation pr\u00e9natale ; elle le reconna\u00eet, le fonde p\u00e9dagogiquement et le projette vers de nouveaux d\u00e9veloppements scientifiques, formatifs et sociaux. Elle renforce ainsi le travail que des associations, des professionnels et des chercheurs engag\u00e9s envers la vie avant la naissance r\u00e9alisent depuis plusieurs d\u00e9cennies.<\/p>\n\n\n\n<p class=\"has-text-color has-link-color wp-elements-7 wp-block-paragraph\" style=\"color:#1f4e79;font-size:24px\">Outre sa recherche doctorale, Sebasti\u00e1n Franco a contribu\u00e9 \u00e0 la construction th\u00e9orique, visuelle et communicative de la P\u00e9dagogie pr\u00e9natale et de son \u00e9pist\u00e9mologie. Ce travail s\u2019est refl\u00e9t\u00e9 dans des initiatives telles que les <a href=\"https:\/\/pedagogiaprenatal.es\/i-jornadas-internacionales-pedagogia-prenatal\/\" data-type=\"link\" data-id=\"https:\/\/pedagogiaprenatal.es\/i-jornadas-internacionales-pedagogia-prenatal\/\">I\u00e8res Journ\u00e9es Internationales de P\u00e9dagogie Pr\u00e9natale,<\/a> organis\u00e9es les 18 et 19 novembre 2020, ainsi que <a href=\"https:\/\/pedagogiaprenatal.es\/i-congreso-internacional-de-pedagogia-prenatal\/\" data-type=\"link\" data-id=\"https:\/\/pedagogiaprenatal.es\/i-congreso-internacional-de-pedagogia-prenatal\/\">le Ier Congr\u00e8s International de P\u00e9dagogie Pr\u00e9natale,<\/a>c\u00e9l\u00e9br\u00e9 en modalit\u00e9 virtuelle du 15 au 17 novembre 2021 et organis\u00e9 par l\u2019Universit\u00e9 Autonome de Madrid, REDIPE et l\u2019ANEP.<\/p>\n\n\n\n<p class=\"has-text-color has-link-color wp-elements-8 wp-block-paragraph\" style=\"color:#1f4e79;font-size:24px\">Il a \u00e9galement particip\u00e9, en tant que membre de l\u2019\u00e9quipe de l\u2019ANEP Espagne, <a href=\"https:\/\/www.omaedu.ro\/course\/index.php?categoryid=31\" data-type=\"link\" data-id=\"https:\/\/www.omaedu.ro\/course\/index.php?categoryid=31\">au projet Erasmus+ Virtual Center for Prenatal Education,<\/a>r\u00e9alis\u00e9 par l\u2019OMAEP de 2022 \u00e0 2025, en apportant sa contribution \u00e0 la recherche et au design multim\u00e9dia pour le d\u00e9veloppement de ressources formatives destin\u00e9es \u00e0 la diffusion de l\u2019\u00e9ducation pr\u00e9natale aupr\u00e8s des familles, des professionnels et des institutions.<\/p>\n\n\n\n<p class=\"has-text-color has-link-color wp-elements-9 wp-block-paragraph\" style=\"color:#1f4e79;font-size:24px\">Pour l\u2019OMAEP, cet apport invite \u00e0 continuer d\u2019unir des disciplines telles que la P\u00e9dagogie, la Sant\u00e9, la Psychologie, l\u2019Obst\u00e9trique, entre autres, afin d\u2019am\u00e9liorer les conditions dans lesquelles la vie commence. L\u2019\u00e9ducation pr\u00e9natale et la P\u00e9dagogie pr\u00e9natale peuvent \u00eatre comprises, en ce sens, comme des bases compl\u00e9mentaires pour avancer vers une \u00ab Science de la vie qui int\u00e8gre le soin, la formation et l\u2019humanit\u00e9 depuis l\u2019origine \u00bb, comme l\u2019exprime Sebasti\u00e1n Franco.<\/p>\n\n\n\n<div style=\"height:100px\" aria-hidden=\"true\" class=\"wp-block-spacer\"><\/div>\n\n\n\n<blockquote class=\"wp-block-quote is-layout-flow wp-block-quote-is-layout-flow\">\n<p class=\"has-text-align-right has-text-color has-link-color wp-elements-10 wp-block-paragraph\" style=\"color:#1f4e79;font-size:24px\">La nouvelle de la soutenance de ta th\u00e8se \u2014 obtenue avec la mention Cum Laude et s\u00e9lectionn\u00e9e pour le Prix extraordinaire de doctorat \u2014 est une v\u00e9ritable source de joie pour l\u2019OMAEP!<br>Ce que tu apportes n\u2019est pas seulement une r\u00e9ussite acad\u00e9mique : c'est la transmission d'un message important sur la vie, venant d'un jeune \u00e0 ses pairs qui souhaitent cr\u00e9er les meilleures conditions pour mettre un enfant au monde.<\/p>\n\n\n\n<p class=\"has-text-align-right has-text-color has-link-color wp-elements-11 wp-block-paragraph\" style=\"color:#1f4e79;font-size:24px\">La voie que tu traces \u2014 entre rigueur scientifique, engagement humain et vision internationale \u2014 est exactement celle dont l\u2019\u00e9ducation pr\u00e9natale a besoin pour continuer \u00e0 se d\u00e9velopper et \u00e0 toucher les parents, les professionnels et les institutions du monde entier, Tu es la preuve vivante que ce que nous cultivons ensemble porte ses fruits. Et ta voix, jeune et d\u00e9termin\u00e9e, est l\u2019une des plus belles promesses que l\u2019avenir nous r\u00e9serve!\nAvec toute mon estime et mes chaleureuses f\u00e9licitations,<\/p>\n\n\n\n<p class=\"has-text-align-right has-text-color has-link-color wp-elements-12 wp-block-paragraph\" style=\"color:#1f4e79;font-size:24px\"><em>Lavinia Mihaela Nanu<\/em><br><strong>Pr\u00e9sidente de l'OMAEP<\/strong><\/p>\n\n\n\n<div style=\"height:35px\" aria-hidden=\"true\" class=\"wp-block-spacer\"><\/div>\n\n\n\n<blockquote class=\"wp-block-quote is-layout-flow wp-block-quote-is-layout-flow\">\n<p class=\"has-text-align-right has-text-color has-link-color wp-elements-13 wp-block-paragraph\" style=\"color:#1f4e79;font-size:24px\">\u00ab Pour tout ce qui a \u00e9t\u00e9 dit, c\u2019est un grand honneur et une grande joie pour l\u2019ANEP Espagne de compter sur lui comme membre du Conseil d\u2019Administration de l\u2019Association. Nous soulignons sa grande valeur humaine et professionnelle, ainsi que la rigueur dont il fait preuve dans tout ce qu\u2019il r\u00e9alise. Nous reconnaissons \u00e9galement l\u2019affection, le d\u00e9vouement et l\u2019esprit de service avec lesquels il collabore toujours dans tout ce qui lui est demand\u00e9, ainsi que le magnifique travail qu\u2019il pr\u00e9sente \u00e0 chaque occasion. <br>La pr\u00e9sentation de sa th\u00e8se a \u00e9t\u00e9 un v\u00e9ritable exemple de clart\u00e9, de rigueur scientifique, de structure s\u00e9quentielle tr\u00e8s bien argument\u00e9e, de s\u00e9curit\u00e9 et de s\u00e9r\u00e9nit\u00e9 dans l\u2019exposition. Pour toutes ces raisons, il a re\u00e7u une reconnaissance m\u00e9rit\u00e9e et les f\u00e9licitations de l\u2019ensemble du jury. C\u2019est un jeune chercheur prometteur, engag\u00e9 personnellement, en tant que futur p\u00e8re, et professionnellement envers l\u2019\u00e9ducation et la p\u00e9dagogie pr\u00e9natales, avec une conscience profonde de la n\u00e9cessit\u00e9 de leur diffusion pour la transformation de la soci\u00e9t\u00e9.<\/p>\n\n\n\n<p class=\"has-text-align-right has-text-color has-link-color wp-elements-14 wp-block-paragraph\" style=\"color:#1f4e79;font-size:24px\">Merci beaucoup pour ton travail et pour ton apport au champ de la p\u00e9dagogie et de l\u2019\u00e9ducation pr\u00e9natales. F\u00e9licitations ! \u00bb<\/p>\n\n\n\n<p class=\"has-text-align-right has-text-color has-link-color wp-elements-15 wp-block-paragraph\" style=\"color:#1f4e79;font-size:24px\"><em>Carmen Carballo Basadre<\/em><br><strong>Pr\u00e9sidente de l\u2019ANEP Espagne<br>Vice-pr\u00e9sidente de l\u2019OMAEP<\/strong><\/p>\n<\/blockquote>\n\n\n\n<div style=\"height:100px\" aria-hidden=\"true\" class=\"wp-block-spacer\"><\/div>\n<\/blockquote>\n\n\n\n<p class=\"has-text-color has-link-color wp-elements-16 wp-block-paragraph\" style=\"color:#1f4e79;font-size:24px\">L\u2019OMAEP f\u00e9licite Sebasti\u00e1n Franco Llanos pour cette r\u00e9ussite acad\u00e9mique et pour ses apports en tant que chercheur et membre de cette communaut\u00e9 internationale. Son travail contribue \u00e0 prendre soin de l\u2019origine de la vie, \u00e0 renforcer la formation humaine et \u00e0 promouvoir une soci\u00e9t\u00e9 plus consciente.<\/p>\n\n\n\n<p class=\"has-text-color has-link-color wp-elements-17 wp-block-paragraph\" style=\"color:#1f4e79;font-size:24px\"><strong>L\u2019OMAEP<\/strong><\/p>","protected":false},"excerpt":{"rendered":"<p>The World Organization of Associations for Prenatal Education, OMAEP, expresses its congratulations to Sebasti\u00e1n Franco Llanos, researcher, member of ANEP Spain and OMAEP, on the defense of his doctoral thesis entitled Towards an Epistemology of Prenatal Pedagogy, carried out at the Autonomous University of Madrid in March 2026. This research obtained the distinction Cum Laude &hellip;<br \/><a href=\"https:\/\/www.omaep.com\/fr\/omaep-sebastian-franco-llanos-prenatal-pedagogy\/\" class=\"more-link pen_button pen_element_default pen_icon_arrow_double\">Continue reading <span class=\"screen-reader-text\">L\u2019OMAEP c\u00e9l\u00e8bre l\u2019apport \u00e9pist\u00e9mologique de Sebasti\u00e1n Franco Llanos \u00e0 la P\u00e9dagogie pr\u00e9natale<\/span><\/a><\/p>","protected":false},"author":3,"featured_media":3766,"parent":0,"menu_order":0,"comment_status":"closed","ping_status":"closed","template":"","meta":{"give_campaign_id":0,"_bbp_topic_count":0,"_bbp_reply_count":0,"_bbp_total_topic_count":0,"_bbp_total_reply_count":0,"_bbp_voice_count":0,"_bbp_anonymous_reply_count":0,"_bbp_topic_count_hidden":0,"_bbp_reply_count_hidden":0,"_bbp_forum_subforum_count":0,"_eb_attr":"","footnotes":""},"class_list":["post-3762","page","type-page","status-publish","has-post-thumbnail","hentry"],"campaignId":"0","_links":{"self":[{"href":"https:\/\/www.omaep.com\/fr\/wp-json\/wp\/v2\/pages\/3762","targetHints":{"allow":["GET"]}}],"collection":[{"href":"https:\/\/www.omaep.com\/fr\/wp-json\/wp\/v2\/pages"}],"about":[{"href":"https:\/\/www.omaep.com\/fr\/wp-json\/wp\/v2\/types\/page"}],"author":[{"embeddable":true,"href":"https:\/\/www.omaep.com\/fr\/wp-json\/wp\/v2\/users\/3"}],"replies":[{"embeddable":true,"href":"https:\/\/www.omaep.com\/fr\/wp-json\/wp\/v2\/comments?post=3762"}],"version-history":[{"count":8,"href":"https:\/\/www.omaep.com\/fr\/wp-json\/wp\/v2\/pages\/3762\/revisions"}],"predecessor-version":[{"id":3773,"href":"https:\/\/www.omaep.com\/fr\/wp-json\/wp\/v2\/pages\/3762\/revisions\/3773"}],"wp:featuredmedia":[{"embeddable":true,"href":"https:\/\/www.omaep.com\/fr\/wp-json\/wp\/v2\/media\/3766"}],"wp:attachment":[{"href":"https:\/\/www.omaep.com\/fr\/wp-json\/wp\/v2\/media?parent=3762"}],"curies":[{"name":"wp","href":"https:\/\/api.w.org\/{rel}","templated":true}]}}